{"version":"1.0","provider_name":"Senslation","provider_url":"https:\/\/www.wellcom.fr\/wnews","author_name":"wellcom","author_url":"https:\/\/www.wellcom.fr\/wnews\/author\/wellcom\/","title":"Jacky Isabello, Directeur Associ\u00e9 de l\u2019agence Wellcom - Senslation","type":"rich","width":600,"height":338,"html":"<blockquote class=\"wp-embedded-content\" data-secret=\"Uy8DenEYv9\"><a href=\"https:\/\/www.wellcom.fr\/wnews\/2011\/02\/jacky-isabello-directeur-associe-wellcom\/\">Jacky Isabello, Directeur Associ\u00e9 de l\u2019agence Wellcom<\/a><\/blockquote><iframe sandbox=\"allow-scripts\" security=\"restricted\" src=\"https:\/\/www.wellcom.fr\/wnews\/2011\/02\/jacky-isabello-directeur-associe-wellcom\/embed\/#?secret=Uy8DenEYv9\" width=\"600\" height=\"338\" title=\"\u00ab\u00a0Jacky Isabello, Directeur Associ\u00e9 de l\u2019agence Wellcom\u00a0\u00bb &#8212; Senslation\" data-secret=\"Uy8DenEYv9\" frameborder=\"0\" marginwidth=\"0\" marginheight=\"0\" scrolling=\"no\" class=\"wp-embedded-content\"><\/iframe><script type=\"text\/javascript\">\n\/* <![CDATA[ *\/\n\/*! This file is auto-generated *\/\n!function(d,l){\"use strict\";l.querySelector&&d.addEventListener&&\"undefined\"!=typeof URL&&(d.wp=d.wp||{},d.wp.receiveEmbedMessage||(d.wp.receiveEmbedMessage=function(e){var t=e.data;if((t||t.secret||t.message||t.value)&&!\/[^a-zA-Z0-9]\/.test(t.secret)){for(var s,r,n,a=l.querySelectorAll('iframe[data-secret=\"'+t.secret+'\"]'),o=l.querySelectorAll('blockquote[data-secret=\"'+t.secret+'\"]'),c=new RegExp(\"^https?:$\",\"i\"),i=0;i<o.length;i++)o[i].style.display=\"none\";for(i=0;i<a.length;i++)s=a[i],e.source===s.contentWindow&&(s.removeAttribute(\"style\"),\"height\"===t.message?(1e3<(r=parseInt(t.value,10))?r=1e3:~~r<200&&(r=200),s.height=r):\"link\"===t.message&&(r=new URL(s.getAttribute(\"src\")),n=new URL(t.value),c.test(n.protocol))&&n.host===r.host&&l.activeElement===s&&(d.top.location.href=t.value))}},d.addEventListener(\"message\",d.wp.receiveEmbedMessage,!1),l.addEventListener(\"DOMContentLoaded\",function(){for(var e,t,s=l.querySelectorAll(\"iframe.wp-embedded-content\"),r=0;r<s.length;r++)(t=(e=s[r]).getAttribute(\"data-secret\"))||(t=Math.random().toString(36).substring(2,12),e.src+=\"#?secret=\"+t,e.setAttribute(\"data-secret\",t)),e.contentWindow.postMessage({message:\"ready\",secret:t},\"*\")},!1)))}(window,document);\n\/\/# sourceURL=https:\/\/www.wellcom.fr\/wnews\/wp-includes\/js\/wp-embed.min.js\n\/* ]]> *\/\n<\/script>\n","description":"Paris, le 14 f\u00e9vrier 2011 \u2013 Jacky Isabello, fondateur de Press &amp; Vous, aujourd\u2019hui filiale de Wellcom, vient renforcer l\u2019\u00e9quipe de direction de l\u2019agence conseil en communication d\u2019image et opinions. Fort de plus de 15 ann\u00e9es d\u2019exp\u00e9rience, Jacky Isabello a pour principales missions d\u2019accompagner le conseil strat\u00e9gique en communication corporate et sensible, ainsi que le d\u00e9veloppement du portefeuille clients de Wellcom dans les secteurs institutionnels et \u00e9conomiques. Il intervient notamment sur des budgets comme la CGPME, Max Havelaar, l\u2019Agence pour la cr\u00e9ation d\u2019entreprises, le GIP Modernisation des D\u00e9clarations Sociales, la Compagnie Nationale des Commissaires aux Comptes, des Collectivit\u00e9s territoriales\u2026","thumbnail_url":"https:\/\/www.wellcom.fr\/wnews\/wp-content\/uploads\/2013\/10\/prixnew06.gif","thumbnail_width":206,"thumbnail_height":197}