{"version":"1.0","provider_name":"Senslation","provider_url":"https:\/\/www.wellcom.fr\/wnews","author_name":"wellcom","author_url":"https:\/\/www.wellcom.fr\/wnews\/author\/wellcom\/","title":"Jean-Baptiste de Bellescize rejoint l\u2019agence Wellcom en tant que membre du comit\u00e9 strat\u00e9gique - Senslation","type":"rich","width":600,"height":338,"html":"<blockquote class=\"wp-embedded-content\" data-secret=\"e0baS862OR\"><a href=\"https:\/\/www.wellcom.fr\/wnews\/2011\/03\/jean-baptiste-de-bellescize-rejoint-lagence-wellcom\/\">Jean-Baptiste de Bellescize rejoint l\u2019agence Wellcom en tant que membre du comit\u00e9 strat\u00e9gique<\/a><\/blockquote><iframe sandbox=\"allow-scripts\" security=\"restricted\" src=\"https:\/\/www.wellcom.fr\/wnews\/2011\/03\/jean-baptiste-de-bellescize-rejoint-lagence-wellcom\/embed\/#?secret=e0baS862OR\" width=\"600\" height=\"338\" title=\"\u00ab\u00a0Jean-Baptiste de Bellescize rejoint l\u2019agence Wellcom en tant que membre du comit\u00e9 strat\u00e9gique\u00a0\u00bb &#8212; Senslation\" data-secret=\"e0baS862OR\" frameborder=\"0\" marginwidth=\"0\" marginheight=\"0\" scrolling=\"no\" class=\"wp-embedded-content\"><\/iframe><script type=\"text\/javascript\">\n\/* <![CDATA[ *\/\n\/*! This file is auto-generated *\/\n!function(d,l){\"use strict\";l.querySelector&&d.addEventListener&&\"undefined\"!=typeof URL&&(d.wp=d.wp||{},d.wp.receiveEmbedMessage||(d.wp.receiveEmbedMessage=function(e){var t=e.data;if((t||t.secret||t.message||t.value)&&!\/[^a-zA-Z0-9]\/.test(t.secret)){for(var s,r,n,a=l.querySelectorAll('iframe[data-secret=\"'+t.secret+'\"]'),o=l.querySelectorAll('blockquote[data-secret=\"'+t.secret+'\"]'),c=new RegExp(\"^https?:$\",\"i\"),i=0;i<o.length;i++)o[i].style.display=\"none\";for(i=0;i<a.length;i++)s=a[i],e.source===s.contentWindow&&(s.removeAttribute(\"style\"),\"height\"===t.message?(1e3<(r=parseInt(t.value,10))?r=1e3:~~r<200&&(r=200),s.height=r):\"link\"===t.message&&(r=new URL(s.getAttribute(\"src\")),n=new URL(t.value),c.test(n.protocol))&&n.host===r.host&&l.activeElement===s&&(d.top.location.href=t.value))}},d.addEventListener(\"message\",d.wp.receiveEmbedMessage,!1),l.addEventListener(\"DOMContentLoaded\",function(){for(var e,t,s=l.querySelectorAll(\"iframe.wp-embedded-content\"),r=0;r<s.length;r++)(t=(e=s[r]).getAttribute(\"data-secret\"))||(t=Math.random().toString(36).substring(2,12),e.src+=\"#?secret=\"+t,e.setAttribute(\"data-secret\",t)),e.contentWindow.postMessage({message:\"ready\",secret:t},\"*\")},!1)))}(window,document);\n\/\/# sourceURL=https:\/\/www.wellcom.fr\/wnews\/wp-includes\/js\/wp-embed.min.js\n\/* ]]> *\/\n<\/script>\n","description":"Jean-Baptiste de Bellescize, personnalit\u00e9 connue dans le monde des Relations Publiques en France, rejoint l\u2019\u00e9quipe de direction de l\u2019agence conseil en communication d\u2019image et opinions Wellcom. En tant que membre du comit\u00e9 strat\u00e9gique de l\u2019agence, Jean-Baptiste de Bellescize met \u00e0 disposition de Wellcom, de ses collaborateurs et de ses clients, son exp\u00e9rience et son savoir-faire, notamment en mati\u00e8re d\u2019affaires publiques, de communication corporate et de communication sensible."}